

{"id":4468,"date":"2022-05-31T10:24:17","date_gmt":"2022-05-31T08:24:17","guid":{"rendered":"https:\/\/www.camping-airial.com\/aviso-legal-y-politica-de-privacidad\/"},"modified":"2023-07-22T08:50:31","modified_gmt":"2023-07-22T06:50:31","slug":"aviso-legal-y-politica-de-privacidad","status":"publish","type":"page","link":"https:\/\/www.camping-airial.com\/es\/aviso-legal-y-politica-de-privacidad\/","title":{"rendered":"Aviso legal y pol\u00edtica de privacidad"},"content":{"rendered":"<p>[et_pb_section fb_built=\u00bb1&#8243; _builder_version=\u00bb4.17.6&#8243; _module_preset=\u00bbdefault\u00bb background_color=\u00bbrgba(213,211,199,0.29)\u00bb global_colors_info=\u00bb{}\u00bb][et_pb_row _builder_version=\u00bb4.17.6&#8243; _module_preset=\u00bbdefault\u00bb global_colors_info=\u00bb{}\u00bb][et_pb_column type=\u00bb4_4&#8243; _builder_version=\u00bb4.17.6&#8243; _module_preset=\u00bbdefault\u00bb global_colors_info=\u00bb{}\u00bb][et_pb_text _builder_version=\u00bb4.18.0&#8243; _module_preset=\u00bbdefault\u00bb global_colors_info=\u00bb{}\u00bb]<\/p>\n<h1 style=\"text-align: center;\"> Informaci\u00f3n jur\u00eddica y pol\u00edtica de privacidad<\/h1>\n<h3><\/h3>\n<h3><\/h3>\n<h3><\/h3>\n<h3><\/h3>\n<h3><\/h3>\n<h3><\/h3>\n<h3>1. Presentaci\u00f3n del sitio.<\/h3>\n<p>De conformidad con el art\u00edculo 6 de la ley francesa n\u00b0 2004-575 de 21 de junio de 2004 sobre la confianza en la econom\u00eda digital, se informa a los usuarios del sitio web <a href=\"https:\/\/www.camping-airial.fr\" target=\"_blank\" rel=\"noopener\">www.<span>camping-airial.<\/span><\/a>fr de que<\/p>\n<div><\/div>\n<p><a href=\"https:\/\/www.camping-airial.com\/es\/\"><\/a>  la identidad de las distintas partes implicadas en su aplicaci\u00f3n y control:<\/p>\n<p><strong>Creador<\/strong>: <a target=\"_blank\" href=\"https:\/\/www.elegantdesign.fr\" rel=\"noopener\">Studio ED<\/a><br \/><strong>Responsable de la publicaci\u00f3n<\/strong>: Camping l&#8217;Airial &#8211; <span><br \/>\n  <a href=\"mailto:contact@camping-airial.com\">contact@camping-airial.com<\/a><br \/>\n<\/span><\/p>\n<p><strong>Empresa operadora :  <\/strong>SPL SOGITCS, Soci\u00e9t\u00e9 Publique Locale SOCIETE DE GESTION DES INTERETS TOURISTIQUES DE LA COMMUNE DE SOUSTONS, inscrita en el Registro Mercantil DAX con el n\u00ba 487 597 585, con domicilio social en CNTRE SPORTIF de L&#8217;ISLE VERTE, All\u00e9e de la Voile &#8211; 40140 SOUSTONS, representada por la Sra. Fr\u00e9d\u00e9rique Charpenel, Presidenta.<span><\/span><\/p>\n<p><strong>Propietario<\/strong>: Camping l&#8217;Airial &#8211; &#8211; 61 AV DE PORT D ALBRET Soustons<\/p>\n<p>El responsable de la publicaci\u00f3n es una persona jur\u00eddica.<br \/><strong>Webmaster<\/strong>: Camping l&#8217;Airial &#8211; contact@campinglairial.fr<br \/><strong>Anfitri\u00f3n<\/strong>: Infomaniak &#8211; Rue Eug\u00e8ne-Marziano 25, 1227 Ginebra, Suiza<br \/><strong>SEO<\/strong>: Triple Lootz, agencia de SEO y marketing web en las Landas, se encarg\u00f3 de la optimizaci\u00f3n del sitio para SEO. M\u00e1s informaci\u00f3n sobre <span><a href=\"http:\/\/www.triplelootz.com\">www.triplelootz.com<\/a><br \/><strong>Editor<\/strong>: <\/span><span><a href=\"https:\/\/www.en-un-mot.fr\" target=\"_blank\" rel=\"noopener\">EN UNA PALABRA<\/a> <br \/><\/span><span><strong>Coordinador de la publicaci\u00f3n<\/strong>: <\/span><a href=\"https:\/\/stc-strategie.com\" target=\"_blank\" rel=\"noopener\"><br \/>\n  <span>STC<\/span><br \/>\n<\/a><span><\/span><\/p>\n<h3><\/h3>\n<h3><\/h3>\n<h3>2. Condiciones generales de uso del sitio y de los servicios ofrecidos.<\/h3>\n<p>El uso del sitio <a href=\"https:\/\/www.camping-airial.fr\">www.<span>camping-airial.fr<\/span><\/a><a href=\"https:\/\/www.camping-airial.com\/es\/\"><span><\/span><\/a>  implica la plena aceptaci\u00f3n de las condiciones generales de uso que se describen a continuaci\u00f3n. Las presentes condiciones de uso podr\u00e1n ser modificadas o completadas en cualquier momento, por lo que se invita a los usuarios del sitio <a href=\"https:\/\/www.camping-airial.fr\">www.<span>camping-airial.fr<\/span><\/a> a consultarlas peri\u00f3dicamente.<\/p>\n<p>Este sitio es normalmente accesible a los usuarios en todo momento. No obstante, una interrupci\u00f3n por motivos de mantenimiento t\u00e9cnico podr\u00e1 ser decidida por el Camping l&#8217;Airial, que procurar\u00e1 comunicar previamente a los usuarios las fechas y horas de la intervenci\u00f3n.<\/p>\n<p>La p\u00e1gina web <a href=\"https:\/\/www.camping-airial.fr\">www.<span>camping-airial.fr<\/span><\/a><a href=\"https:\/\/www.camping-airial.com\/es\/\"><span><\/span><\/a><a href=\"https:\/\/www.camping-airial.com\/es\/\"><\/a>  es actualizada regularmente por Camping l&#8217;Airial. Del mismo modo, los avisos legales pueden modificarse en cualquier momento: no obstante, son vinculantes para el usuario, al que se invita a consultarlos con la mayor frecuencia posible para tomar nota de ellos.<\/p>\n<h3><\/h3>\n<h3><\/h3>\n<h3>3. Descripci\u00f3n de los servicios prestados.<\/h3>\n<p>El sitio web <a href=\"https:\/\/www.camping-airial.fr\">www.<span>camping-airial.<\/span><\/a> fr tiene por objeto informar sobre todas las actividades de la empresa.<\/p>\n<p>Camping l&#8217;Airial se esfuerza por proporcionar en el sitio <a href=\"https:\/\/www.camping-airial.fr\">www.<span>camping-airial.<\/span><\/a> fr informaci\u00f3n lo m\u00e1s precisa posible. No obstante, no podr\u00e1 ser considerada responsable de las omisiones, inexactitudes y lagunas de actualizaci\u00f3n, ya sean imputables a ella misma o a terceros que le proporcionen dicha informaci\u00f3n.<\/p>\n<p>Toda la informaci\u00f3n que figura en el sitio web <a href=\"https:\/\/www.camping-airial.fr\">www.<span>camping-airial.<\/span><\/a> fr se facilita a t\u00edtulo indicativo y es susceptible de sufrir modificaciones. Adem\u00e1s, la informaci\u00f3n que figura en el sitio web <a href=\"https:\/\/www.camping-airial.fr\">www.<span>camping-airial.fr<\/span><\/a> no es exhaustiva. Se dan a condici\u00f3n de que se hayan hecho cambios desde que se pusieron en l\u00ednea.<\/p>\n<h3><\/h3>\n<h3><\/h3>\n<h3>4. Limitaciones contractuales de los datos t\u00e9cnicos.<\/h3>\n<p>El sitio utiliza la tecnolog\u00eda JavaScript.<\/p>\n<p>El sitio web no se hace responsable de los da\u00f1os materiales relacionados con el uso del sitio web. Adem\u00e1s, el usuario del sitio se compromete a acceder al mismo utilizando equipos recientes y libres de virus con el \u00faltimo navegador actualizado<\/p>\n<h3><\/h3>\n<h3><\/h3>\n<h3>5. Propiedad intelectual y falsificaci\u00f3n.<\/h3>\n<p>Camping l&#8217;Airial es propietario de los derechos de propiedad intelectual o titular de los derechos de uso sobre todos los elementos accesibles en el sitio, en particular los textos, im\u00e1genes, gr\u00e1ficos, logotipos, iconos, sonidos, software.<\/p>\n<p>Toda reproducci\u00f3n, representaci\u00f3n, modificaci\u00f3n, publicaci\u00f3n, adaptaci\u00f3n de la totalidad o parte de los elementos del sitio, cualesquiera que sean los medios o procedimientos utilizados, est\u00e1 prohibida, salvo autorizaci\u00f3n previa por escrito de : Camping l&#8217;Airial.<\/p>\n<p>Toda utilizaci\u00f3n no autorizada del sitio o de alguno de los elementos que contiene se considerar\u00e1 constitutiva de infracci\u00f3n y ser\u00e1 perseguida de conformidad con las disposiciones de los art\u00edculos L.335-2 y siguientes del C\u00f3digo de la Propiedad Intelectual.<\/p>\n<h3>6. Limitaciones de responsabilidad.<\/h3>\n<p>El Camping l&#8217;Airial no podr\u00e1 ser considerado responsable de los da\u00f1os directos e indirectos causados al equipo del usuario, al acceder al sitio www.camping-airial.com\/, y que resulten bien de la utilizaci\u00f3n de un equipo que no responda a las especificaciones indicadas en el punto 4, bien de la aparici\u00f3n de un bug o de una incompatibilidad.<\/p>\n<p>Camping l&#8217;Airial no se hace responsable de los da\u00f1os indirectos (como la p\u00e9rdida de mercado o la p\u00e9rdida de oportunidades) derivados del uso del sitio web <a href=\"https:\/\/www.camping-airial.fr\">www.<span>camping-airial.fr<\/span><\/a>.<\/p>\n<p>Los usuarios tienen a su disposici\u00f3n zonas interactivas (posibilidad de hacer preguntas en la zona de contacto). Camping l&#8217;Airial se reserva el derecho de eliminar, sin previo aviso, cualquier contenido depositado en este espacio que contravenga la legislaci\u00f3n aplicable en Francia, en particular las disposiciones relativas a la protecci\u00f3n de datos. En caso necesario, Camping l&#8217;Airial se reserva asimismo la posibilidad de poner en tela de juicio la responsabilidad civil y\/o penal del usuario, en particular en caso de mensaje de car\u00e1cter racista, insultante, difamatorio o pornogr\u00e1fico, sea cual sea el soporte utilizado (texto, fotograf\u00eda&#8230;).<\/p>\n<h3>7. Gesti\u00f3n de datos personales.<\/h3>\n<p>En Francia, los datos personales est\u00e1n protegidos por la ley n\u00ba 78-87 de 6 de enero de 1978, la ley n\u00ba 2004-801 de 6 de agosto de 2004, el art\u00edculo L. 226-13 del C\u00f3digo Penal y la Directiva Europea de 24 de octubre de 1995.<\/p>\n<p>Al utilizar el sitio web <a href=\"https:\/\/www.camping-airial.fr\"><span>www.camping-airial.fr<\/span><\/a>, puede recopilarse la siguiente informaci\u00f3n: la URL de los enlaces a trav\u00e9s de los cuales el usuario ha accedido al sitio web <a href=\"https:\/\/www.camping-airial.fr\"><span>www.camping-airial.fr,<\/span><\/a> el proveedor de acceso del usuario, la direcci\u00f3n de protocolo de Internet (IP) del usuario.<\/p>\n<p>En cualquier caso Camping l&#8217;Airial recoge informaci\u00f3n personal relativa al usuario \u00fanicamente para la necesidad de determinados servicios propuestos por el sitio <a href=\"https:\/\/www.camping-airial.fr\">www.<span>camping-airial.fr<\/span><\/a>. El usuario facilita esta informaci\u00f3n con pleno conocimiento de causa, en particular cuando la introduce \u00e9l mismo. A continuaci\u00f3n, se informa al usuario del sitio <a href=\"https:\/\/www.camping-airial.fr\">www.<span>camping-airial.<\/span><\/a> fr de si est\u00e1 obligado o no a facilitar esta informaci\u00f3n.<\/p>\n<p>Conforme a las disposiciones de los art\u00edculos 38 y siguientes de la ley 78-17 del 6 de enero de 1978 relativa a la inform\u00e1tica, a los ficheros y a las libertades, todo usuario dispone de un derecho de acceso, de rectificaci\u00f3n y de oposici\u00f3n a los datos de car\u00e1cter personal que le conciernen, mediante solicitud escrita y firmada, acompa\u00f1ada de una copia del documento de identidad con firma del titular del documento, precisando la direcci\u00f3n a la que debe enviarse la respuesta.<\/p>\n<p>Ninguna informaci\u00f3n personal del usuario del sitio <a href=\"https:\/\/www.camping-airial.fr\">www.<span>camping-airial. <\/span><\/a>fr es publicada sin su conocimiento, intercambiada, transferida, cedida o vendida en ning\u00fan soporte a terceros. S\u00f3lo la hip\u00f3tesis de la recompra del Camping l&#8217;Airial y de sus derechos permitir\u00eda la transmisi\u00f3n de las informaciones antes mencionadas al posible comprador que estar\u00eda a su vez sujeto a la misma obligaci\u00f3n de conservaci\u00f3n y modificaci\u00f3n de los datos con respecto al usuario del sitio <a href=\"https:\/\/www.camping-airial.fr\">www.<span>camping-airial.fr<\/span><\/a>.<\/p>\n<p>Las bases de datos est\u00e1n protegidas por las disposiciones de la ley de 1 de julio de 1998 que transpone la Directiva 96\/9 de 11 de marzo de 1996 sobre la protecci\u00f3n jur\u00eddica de las bases de datos.<\/p>\n<p>El sistema Bloctel, <a href=\"https:\/\/pro.bloctel.gouv.fr\/,\">https:\/\/pro.bloctel.gouv.fr\/,<\/a> es un servicio p\u00fablico franc\u00e9s concebido para acabar con el proselitismo abusivo. Permite a profesionales y particulares respetuosos de la ley que no desean recibir llamadas abusivas de proselitismo unir fuerzas para combatir esta lacra y mantener una comunicaci\u00f3n respetuosa.<\/p>\n<p>&nbsp;<\/p>\n<h3>8. Hiperv\u00ednculos y cookies.<\/h3>\n<p>El sitio <a href=\"https:\/\/www.camping-airial.fr\">www.<span>camping-airial.<\/span><\/a> fr contiene un cierto n\u00famero de enlaces de hipertexto hacia otros sitios, establecidos con la autorizaci\u00f3n de Camping l&#8217;Airial. Sin embargo, Camping l&#8217;Airial no tiene la posibilidad de comprobar el contenido de los sitios as\u00ed visitados, y no asumir\u00e1 ninguna responsabilidad de este hecho.<\/p>\n<p>La navegaci\u00f3n por el sitio web <a href=\"https:\/\/www.camping-airial.fr\">www.<span>camping-airial.<\/span><\/a> fr puede provocar la instalaci\u00f3n de cookies en el ordenador del usuario. Una cookie es un peque\u00f1o archivo, que no permite la identificaci\u00f3n del usuario, pero que registra informaci\u00f3n sobre la navegaci\u00f3n de un ordenador en un sitio. Los datos as\u00ed obtenidos est\u00e1n destinados a facilitar la navegaci\u00f3n posterior en el sitio, y tambi\u00e9n a permitir diversas medidas de frecuentaci\u00f3n.<\/p>\n<p>El rechazo a la instalaci\u00f3n de una cookie puede imposibilitar el acceso a determinados servicios. Sin embargo, el usuario puede configurar su ordenador de la siguiente manera para rechazar la instalaci\u00f3n de cookies:<\/p>\n<p>En Internet Explorer: pesta\u00f1a de herramientas (icono con forma de engranaje en la parte superior derecha) \/ opciones de Internet. Haga clic en Privacidad y elija Bloquear todas las cookies. Confirme con Ok.<\/p>\n<p>En Firefox: en la parte superior de la ventana del navegador, haga clic en el bot\u00f3n de Firefox y luego vaya a la pesta\u00f1a Opciones. Haga clic en la pesta\u00f1a Privacidad.<br \/>Establezca las reglas de retenci\u00f3n en: utilizar una configuraci\u00f3n personalizada para el historial. Por \u00faltimo, desmarca la casilla para desactivar las cookies.<\/p>\n<p>En Safari: haga clic en el icono del men\u00fa (simbolizado por un engranaje) situado en la parte superior derecha del navegador. Seleccione la configuraci\u00f3n. Haga clic en Mostrar configuraci\u00f3n avanzada. En la secci\u00f3n \u00abPrivacidad\u00bb, haga clic en Configuraci\u00f3n del contenido. En la secci\u00f3n \u00abCookies\u00bb, puede bloquear las cookies.<\/p>\n<p>En Chrome: haga clic en el icono del men\u00fa (simbolizado por tres l\u00edneas horizontales) situado en la parte superior derecha del navegador. Seleccione la configuraci\u00f3n. Haga clic en Mostrar configuraci\u00f3n avanzada. En la secci\u00f3n \u00abPrivacidad\u00bb, haga clic en las preferencias. En la pesta\u00f1a \u00abPrivacidad\u00bb, puede bloquear las cookies.<\/p>\n<h3>9. Legislaci\u00f3n y jurisdicci\u00f3n aplicables.<\/h3>\n<p>Cualquier litigio relativo a la utilizaci\u00f3n del sitio <a href=\"https:\/\/www.camping-airial.fr\">www.<span>camping-airial.<\/span><\/a> fr est\u00e1 sujeto a la legislaci\u00f3n francesa. Los tribunales competentes tienen jurisdicci\u00f3n exclusiva.<\/p>\n<h3>10. Mediaci\u00f3n de los consumidores.<\/h3>\n<p>Cualquier litigio relativo a la utilizaci\u00f3n del sitio <a href=\"https:\/\/www.camping-airial.fr\">www.<span>camping-airial.<\/span><\/a> fr est\u00e1 sujeto a la legislaci\u00f3n francesa. Los tribunales competentes tienen jurisdicci\u00f3n exclusiva.<\/p>\n<p>En caso de litigio, y a falta de acuerdo amistoso o de respuesta de la direcci\u00f3n, el Cliente podr\u00e1 recurrir a un mediador de consumo.<\/p>\n<p>Los datos del Defensor del Consumidor al que puede dirigirse el cliente son los siguientes: CM2C, Centre de la M\u00e9diation de la Consommation de Conciliateurs de Justice.<br \/>Direcci\u00f3n: 49 Rue de Ponthieu, 75008 Par\u00eds.<\/p>\n<p><a href=\"https:\/\/www.cm2c.net\">https:\/\/www.cm2c.net<\/a> \/ <a class=\"link link-md\" href=\"tel:#\">01 89 47 00 14 \/ <\/a><a class=\"link link-md\" href=\"mailto:cm2c@cm2c.net\">cm2c@cm2c.net<\/a><a class=\"link link-md\" href=\"tel:#\"><\/a><\/p>\n<h3>11. Las principales leyes afectadas.<\/h3>\n<p>Ley n\u00b0 78-17 de 6 de enero de 1978, modificada en particular por la ley n\u00b0 2004-801 de 6 de agosto de 2004 sobre la inform\u00e1tica, los archivos y las libertades.<\/p>\n<p>Ley n\u00ba 2004-575 de 21 de junio de 2004 para la confianza en la econom\u00eda digital.<\/p>\n<h3>12. Glosario.<\/h3>\n<p>Usuario: usuario de Internet que se conecta y utiliza el sitio mencionado.<\/p>\n<p>Informaci\u00f3n personal: \u00abinformaci\u00f3n que permite, bajo cualquier forma, directa o indirectamente, la identificaci\u00f3n de las personas f\u00edsicas a las que se aplica\u00bb (art\u00edculo 4 de la ley n\u00b0 78-17 de 6 de enero de 1978).<\/p>\n<p>[\/et_pb_text][\/et_pb_column][\/et_pb_row][\/et_pb_section][et_pb_section fb_built=\u00bb1&#8243; _builder_version=\u00bb4.17.4&#8243; custom_padding=\u00bb25px||0px|||\u00bb collapsed=\u00bboff\u00bb global_colors_info=\u00bb{}\u00bb][et_pb_row column_structure=\u00bb1_3,1_3,1_3&#8243; _builder_version=\u00bb4.17.4&#8243; background_size=\u00bbinitial\u00bb background_position=\u00bbtop_left\u00bb background_repeat=\u00bbrepeat\u00bb custom_margin=\u00bb-6px|auto||auto||\u00bb custom_padding=\u00bb0px||0px|||\u00bb global_colors_info=\u00bb{}\u00bb][et_pb_column type=\u00bb1_3&#8243; _builder_version=\u00bb4.17.4&#8243; _module_preset=\u00bbdefault\u00bb global_colors_info=\u00bb{}\u00bb][et_pb_image src=\u00bbhttps:\/\/www.camping-airial.com\/wp-content\/uploads\/2022\/06\/Logo-Airial.png\u00bb title_text=\u00bbLogo-Airial\u00bb _builder_version=\u00bb4.17.4&#8243; _module_preset=\u00bbdefault\u00bb max_width=\u00bb44%\u00bb custom_margin=\u00bb-51px||3px||false|false\u00bb global_colors_info=\u00bb{}\u00bb][\/et_pb_image][\/et_pb_column][et_pb_column type=\u00bb1_3&#8243; _builder_version=\u00bb4.17.4&#8243; _module_preset=\u00bbdefault\u00bb global_colors_info=\u00bb{}\u00bb][et_pb_social_media_follow icon_color=\u00bb#FFFFFF\u00bb use_icon_font_size=\u00bbon\u00bb icon_font_size=\u00bb23px\u00bb _builder_version=\u00bb4.17.6&#8243; _module_preset=\u00bbdefault\u00bb text_orientation=\u00bbcenter\u00bb custom_margin=\u00bb27px|||||\u00bb border_radii=\u00bbon|14px|14px|14px|14px\u00bb global_colors_info=\u00bb{}\u00bb][et_pb_social_media_follow_network social_network=\u00bbfacebook\u00bb url=\u00bbhttps:\/\/www.facebook.com\/CampingSoustons%20&#8243; _builder_version=\u00bb4.17.6&#8243; _module_preset=\u00bbdefault\u00bb background_color=\u00bb#C0B1AA\u00bb background_enable_color=\u00bbon\u00bb global_colors_info=\u00bb{}\u00bb follow_button=\u00bboff\u00bb url_new_window=\u00bbon\u00bb]facebook[\/et_pb_social_media_follow_network][et_pb_social_media_follow_network social_network=\u00bbinstagram\u00bb url=\u00bbhttps:\/\/www.instagram.com\/campingairial\/\u00bb _builder_version=\u00bb4.17.6&#8243; _module_preset=\u00bbdefault\u00bb background_color=\u00bb#C0B1AA\u00bb background_enable_color=\u00bbon\u00bb global_colors_info=\u00bb{}\u00bb follow_button=\u00bboff\u00bb url_new_window=\u00bbon\u00bb]instagram[\/et_pb_social_media_follow_network][et_pb_social_media_follow_network social_network=\u00bbyoutube\u00bb url=\u00bbhttps:\/\/www.youtube.com\/channel\/UC4XnMYRNqSAVeDvWXe3-wJQ\u00bb _builder_version=\u00bb4.17.6&#8243; _module_preset=\u00bbdefault\u00bb background_color=\u00bb#C0B1AA\u00bb background_enable_color=\u00bbon\u00bb global_colors_info=\u00bb{}\u00bb follow_button=\u00bboff\u00bb url_new_window=\u00bbon\u00bb]youtube[\/et_pb_social_media_follow_network][et_pb_social_media_follow_network social_network=\u00bblinkedin\u00bb url=\u00bbhttps:\/\/fr.linkedin.com\/company\/isle-verte-sport-nature-h\u00e9bergement?trk=public_profile_topcard-current-company\u00bb _builder_version=\u00bb4.17.6&#8243; _module_preset=\u00bbdefault\u00bb background_color=\u00bb#C0B1AA\u00bb background_enable_color=\u00bbon\u00bb global_colors_info=\u00bb{}\u00bb follow_button=\u00bboff\u00bb url_new_window=\u00bbon\u00bb]linkedin[\/et_pb_social_media_follow_network][\/et_pb_social_media_follow][\/et_pb_column][et_pb_column type=\u00bb1_3&#8243; _builder_version=\u00bb4.17.4&#8243; _module_preset=\u00bbdefault\u00bb global_colors_info=\u00bb{}\u00bb][et_pb_text _builder_version=\u00bb4.18.0&#8243; _module_preset=\u00bbdefault\u00bb text_font=\u00bb|300|||||||\u00bb text_font_size=\u00bb18px\u00bb text_letter_spacing=\u00bb1px\u00bb text_line_height=\u00bb1.8em\u00bb header_3_font=\u00bb|800|||||||\u00bb header_3_text_color=\u00bb#C9D408&#8243; header_3_font_size=\u00bb25px\u00bb header_4_text_color=\u00bb#C9D408&#8243; text_orientation=\u00bbright\u00bb custom_margin=\u00bb|||-62px||\u00bb global_colors_info=\u00bb{}\u00bb]<\/p>\n<p>61, avenue du Port d\u2019Albret<br \/>40410 Soustons<\/p>\n<h3 style=\"font-weight: 400; text-align: right;\"><strong><\/strong><\/h3>\n<h3 style=\"font-weight: 400; text-align: right;\"><strong>+33 5 58 41 12 48<\/strong><\/h3>\n<div style=\"text-align: right;\"><span><a href=\"mailto:contact@camping-airial.com\">contact@camping-airial.com<\/a><\/span><\/div>\n<div><\/div>\n<p>[\/et_pb_text][\/et_pb_column][\/et_pb_row][et_pb_row _builder_version=\u00bb4.17.4&#8243; _module_preset=\u00bbdefault\u00bb width=\u00bb100%\u00bb max_width=\u00bb2560px\u00bb custom_padding=\u00bb5px||0px|||\u00bb global_colors_info=\u00bb{}\u00bb][et_pb_column type=\u00bb4_4&#8243; _builder_version=\u00bb4.17.4&#8243; _module_preset=\u00bbdefault\u00bb global_colors_info=\u00bb{}\u00bb][et_pb_divider color=\u00bb#C0B1AA\u00bb _builder_version=\u00bb4.17.4&#8243; _module_preset=\u00bbdefault\u00bb custom_margin=\u00bb4px|||||\u00bb global_colors_info=\u00bb{}\u00bb][\/et_pb_divider][\/et_pb_column][\/et_pb_row][\/et_pb_section][et_pb_section fb_built=\u00bb1&#8243; _builder_version=\u00bb4.16&#8243; custom_padding=\u00bb4px||0px|||\u00bb global_colors_info=\u00bb{}\u00bb][et_pb_row column_structure=\u00bb3_4,1_4&#8243; _builder_version=\u00bb4.17.4&#8243; background_size=\u00bbinitial\u00bb background_position=\u00bbtop_left\u00bb background_repeat=\u00bbrepeat\u00bb custom_padding=\u00bb0px||7px|||\u00bb global_colors_info=\u00bb{}\u00bb][et_pb_column type=\u00bb3_4&#8243; _builder_version=\u00bb4.17.4&#8243; _module_preset=\u00bbdefault\u00bb global_colors_info=\u00bb{}\u00bb][et_pb_menu menu_id=\u00bb15&#8243; _builder_version=\u00bb4.17.6&#8243; _module_preset=\u00bbdefault\u00bb custom_margin=\u00bb15px|||||\u00bb global_colors_info=\u00bb{}\u00bb][\/et_pb_menu][et_pb_text _builder_version=\u00bb4.17.6&#8243; _module_preset=\u00bbdefault\u00bb text_font=\u00bb|300|||||||\u00bb text_font_size=\u00bb12px\u00bb custom_margin=\u00bb-21px|||||\u00bb global_colors_info=\u00bb{}\u00bb]<\/p>\n<p>Camping 4 estrellas en las Landas &#8211; Camping 4 estrellas en Aquitania &#8211; Camping 4 estrellas en el suroeste @L&#8217;Airial &#8211; Realizaci\u00f3n <a href=\"https:\/\/www.elegantdesign.fr\" target=\"_blank\" rel=\"noopener\">STUDIO ED<\/a><\/p>\n<p>[\/et_pb_text][\/et_pb_column][et_pb_column type=\u00bb1_4&#8243; _builder_version=\u00bb4.17.4&#8243; _module_preset=\u00bbdefault\u00bb global_colors_info=\u00bb{}\u00bb][et_pb_image src=\u00bbhttps:\/\/www.camping-airial.com\/wp-content\/uploads\/2022\/07\/LogoQualiteTourisme.jpg\u00bb title_text=\u00bbLogoQualiteTurismo\u00bb align=\u00bbright\u00bb _builder_version=\u00bb4.17.6&#8243; _module_preset=\u00bbdefault\u00bb width=\u00bb90%\u00bb width_tablet=\u00bb90%\u00bb width_phone=\u00bb90%\u00bb width_last_edited=\u00bbon|phone\u00bb max_width=\u00bb41%\u00bb module_alignment=\u00bbcenter\u00bb custom_margin=\u00bb0px||||false|false\u00bb custom_padding=\u00bb0px||||false|false\u00bb global_colors_info=\u00bb{}\u00bb][\/et_pb_image][\/et_pb_column][\/et_pb_row][\/et_pb_section]<\/p>\n","protected":false},"excerpt":{"rendered":"<p>Informaci\u00f3n jur\u00eddica y pol\u00edtica de privacidad 1. Presentaci\u00f3n del sitio. De conformidad con el art\u00edculo 6 de la ley francesa n\u00b0 2004-575 de 21 de junio de 2004 sobre la confianza en la econom\u00eda digital, se informa a los usuarios del sitio web www.camping-airial.fr de que la identidad de las distintas partes implicadas en su [&hellip;]<\/p>\n","protected":false},"author":1,"featured_media":0,"parent":0,"menu_order":0,"comment_status":"closed","ping_status":"open","template":"","meta":{"_et_pb_use_builder":"on","_et_pb_old_content":"","_et_gb_content_width":"","footnotes":""},"class_list":["post-4468","page","type-page","status-publish","hentry"],"_links":{"self":[{"href":"https:\/\/www.camping-airial.com\/es\/wp-json\/wp\/v2\/pages\/4468","targetHints":{"allow":["GET"]}}],"collection":[{"href":"https:\/\/www.camping-airial.com\/es\/wp-json\/wp\/v2\/pages"}],"about":[{"href":"https:\/\/www.camping-airial.com\/es\/wp-json\/wp\/v2\/types\/page"}],"author":[{"embeddable":true,"href":"https:\/\/www.camping-airial.com\/es\/wp-json\/wp\/v2\/users\/1"}],"replies":[{"embeddable":true,"href":"https:\/\/www.camping-airial.com\/es\/wp-json\/wp\/v2\/comments?post=4468"}],"version-history":[{"count":0,"href":"https:\/\/www.camping-airial.com\/es\/wp-json\/wp\/v2\/pages\/4468\/revisions"}],"wp:attachment":[{"href":"https:\/\/www.camping-airial.com\/es\/wp-json\/wp\/v2\/media?parent=4468"}],"curies":[{"name":"wp","href":"https:\/\/api.w.org\/{rel}","templated":true}]}}