

{"id":5359,"date":"2022-06-22T10:58:53","date_gmt":"2022-06-22T08:58:53","guid":{"rendered":"https:\/\/www.camping-airial.com\/accommodaties\/"},"modified":"2025-12-30T10:32:55","modified_gmt":"2025-12-30T09:32:55","slug":"accommodaties","status":"publish","type":"page","link":"https:\/\/www.camping-airial.com\/nl\/accommodaties\/","title":{"rendered":"Accommodaties"},"content":{"rendered":"<p>[et_pb_section fb_built=&#8221;1&#8243; _builder_version=&#8221;4.24.3&#8243; _module_preset=&#8221;default&#8221; background_image=&#8221;https:\/\/www.camping-airial.com\/wp-content\/uploads\/2022\/06\/SafariLodge1-@OTILAS.jpg&#8221; custom_padding=&#8221;||0px|||&#8221; global_colors_info=&#8221;{}&#8221;][et_pb_row column_structure=&#8221;1_2,1_2&#8243; _builder_version=&#8221;4.17.4&#8243; _module_preset=&#8221;default&#8221; custom_margin=&#8221;-20px|auto||auto||&#8221; custom_padding=&#8221;||0px|||&#8221; global_colors_info=&#8221;{}&#8221;][et_pb_column type=&#8221;1_2&#8243; _builder_version=&#8221;4.17.4&#8243; _module_preset=&#8221;default&#8221; global_colors_info=&#8221;{}&#8221;][\/et_pb_column][et_pb_column type=&#8221;1_2&#8243; _builder_version=&#8221;4.17.4&#8243; _module_preset=&#8221;default&#8221; global_colors_info=&#8221;{}&#8221;][et_pb_text _builder_version=&#8221;4.27.4&#8243; _module_preset=&#8221;default&#8221; text_font=&#8221;|700|||||||&#8221; text_text_color=&#8221;#FFFFFF&#8221; text_font_size=&#8221;20px&#8221; text_letter_spacing=&#8221;1px&#8221; text_line_height=&#8221;1.8em&#8221; header_font=&#8221;|800|||||||&#8221; header_text_color=&#8221;#FFFFFF&#8221; header_font_size=&#8221;31px&#8221; background_color=&#8221;gcid-96841d50-148a-46d6-aeef-bbb5e89aff15&#8243; custom_margin=&#8221;306px|||||&#8221; custom_padding=&#8221;43px|30px|43px|47px|true|false&#8221; border_radii=&#8221;off|60px|60px||&#8221; box_shadow_style=&#8221;preset3&#8243; box_shadow_horizontal=&#8221;-3px&#8221; box_shadow_vertical=&#8221;-13px&#8221; global_colors_info=&#8221;{%22gcid-96841d50-148a-46d6-aeef-bbb5e89aff15%22:%91%22background_color%22%93}&#8221;]<\/p>\n<h1>Accommodaties<\/h1>\n<p><span><\/span><\/p>\n<p style=\"font-weight: 400\">Onze vier sterren camping aan de kust van Les Landes biedt diverse type accommodaties, wat je wensen en budget ook zijn.<\/p>\n<p>[\/et_pb_text][\/et_pb_column][\/et_pb_row][\/et_pb_section][et_pb_section fb_built=&#8221;1&#8243; _builder_version=&#8221;4.27.4&#8243; _module_preset=&#8221;default&#8221; background_color=&#8221;gcid-96841d50-148a-46d6-aeef-bbb5e89aff15&#8243; custom_margin=&#8221;0px|0px|0px|0px|false|true&#8221; custom_padding=&#8221;0px|0px|28px|0px|false|true&#8221; global_colors_info=&#8221;{%22gcid-96841d50-148a-46d6-aeef-bbb5e89aff15%22:%91%22background_color%22%93}&#8221;][et_pb_row _builder_version=&#8221;4.17.6&#8243; _module_preset=&#8221;default&#8221; width=&#8221;95%&#8221; max_width=&#8221;2560px&#8221; module_alignment=&#8221;center&#8221; global_colors_info=&#8221;{}&#8221;][et_pb_column type=&#8221;4_4&#8243; _builder_version=&#8221;4.17.6&#8243; _module_preset=&#8221;default&#8221; global_colors_info=&#8221;{}&#8221;][et_pb_text _builder_version=&#8221;4.17.6&#8243; _module_preset=&#8221;default&#8221; text_text_color=&#8221;#FFFFFF&#8221; header_text_color=&#8221;#FFFFFF&#8221; header_2_text_color=&#8221;#FFFFFF&#8221; header_3_text_color=&#8221;#FFFFFF&#8221; header_4_text_color=&#8221;#FFFFFF&#8221; header_5_text_color=&#8221;#FFFFFF&#8221; header_6_text_color=&#8221;#FFFFFF&#8221; background_color=&#8221;RGBA(255,255,255,0)&#8221; custom_margin=&#8221;-28px|0px|-28px|0px|true|true&#8221; custom_padding=&#8221;0px|0px|0px|0px|true|true&#8221; global_colors_info=&#8221;{}&#8221;][\/et_pb_text][\/et_pb_column][\/et_pb_row][\/et_pb_section][et_pb_section fb_built=&#8221;1&#8243; _builder_version=&#8221;4.17.4&#8243; _module_preset=&#8221;default&#8221; custom_margin=&#8221;-37px|||||&#8221; global_colors_info=&#8221;{}&#8221;][et_pb_row _builder_version=&#8221;4.17.4&#8243; _module_preset=&#8221;default&#8221; custom_padding=&#8221;2px|||||&#8221; global_colors_info=&#8221;{}&#8221;][et_pb_column type=&#8221;4_4&#8243; _builder_version=&#8221;4.17.4&#8243; _module_preset=&#8221;default&#8221; global_colors_info=&#8221;{}&#8221;][et_pb_text _builder_version=&#8221;4.27.4&#8243; _module_preset=&#8221;default&#8221; text_font=&#8221;&#8211;et_global_heading_font||||||||&#8221; text_font_size=&#8221;18px&#8221; text_letter_spacing=&#8221;1px&#8221; text_line_height=&#8221;1.8em&#8221; header_2_line_height=&#8221;1.5em&#8221; text_orientation=&#8221;justified&#8221; animation_style=&#8221;fade&#8221; hover_enabled=&#8221;0&#8243; global_colors_info=&#8221;{}&#8221; sticky_enabled=&#8221;0&#8243;]<\/p>\n<h2 style=\"font-weight: 400\">H\u00e9bergements en Camping \u00e0 Soustons : Vivez des Vacances Inoubliables dans les Landes<\/h2>\n<p style=\"font-weight: 400\">Bienvenue dans notre <strong>camping \u00e0 Soustons<\/strong>, au c\u0153ur des magnifiques <strong>Landes<\/strong>, o\u00f9 nous vous proposons une large gamme d\u2019h\u00e9bergements adapt\u00e9s \u00e0 toutes vos envies. Que vous soyez en qu\u00eate de confort, de luxe, ou d\u2019une exp\u00e9rience en pleine nature, nous avons l\u2019h\u00e9bergement parfait pour faire de vos vacances un moment inoubliable.<\/p>\n<p>&nbsp;<\/p>\n<h3>Pourquoi choisir<strong><a href=\"https:\/\/www.camping-airial.com\/camping-soustons\/\"> notre camping \u00e0 Soustons<\/a> <\/strong>?<\/h3>\n<p>Situ\u00e9 entre oc\u00e9an, lacs et for\u00eat, notre camping b\u00e9n\u00e9ficie d\u2019un emplacement id\u00e9al pour d\u00e9couvrir les tr\u00e9sors des Landes. Les plages infinies de l\u2019Atlantique, le lac marin de Port d\u2019Albret, les pistes cyclables et les for\u00eats de pins vous invitent \u00e0 vivre des moments de d\u00e9tente et d\u2019aventure.<\/p>\n<p>Que vous recherchiez des vacances tout confort ou une immersion dans la nature, notre camping \u00e0 Soustons est la destination r\u00eav\u00e9e pour profiter des charmes des <strong>Landes<\/strong>.<\/p>\n<p style=\"font-weight: 400\">La location de nos h\u00e9bergements vous donne acc\u00e8s \u00e0 l\u2019espace aquatique, ainsi qu\u2019\u00e0 l\u2019ensemble de nos <a href=\"https:\/\/www.camping-airial.com\/\/les-services\/\"><span style=\"text-decoration: underline\"><strong>services<\/strong><\/span><\/a> et <a href=\"https:\/\/www.camping-airial.com\/\/animations\/\"><span style=\"text-decoration: underline\"><strong>animations<\/strong><\/span><\/a>. Vous disposerez \u00e9galement sur place d\u2019un <a href=\"https:\/\/www.camping-airial.com\/\/restauration\/\"><span style=\"text-decoration: underline\"><strong>restaurant-bar<\/strong><\/span><\/a> et d\u2019un <a href=\"https:\/\/www.camping-airial.com\/\/espace-bien-etre\/\"><strong><span style=\"text-decoration: underline\">institut de beaut\u00e9<\/span><\/strong><\/a>.<\/p>\n<p>[\/et_pb_text][\/et_pb_column][\/et_pb_row][et_pb_row column_structure=&#8221;1_2,1_2&#8243; _builder_version=&#8221;4.27.4&#8243; _module_preset=&#8221;default&#8221; module_alignment=&#8221;center&#8221; custom_margin=&#8221;0px|0px||0px|false|false&#8221; custom_padding=&#8221;|0px|||false|false&#8221; global_colors_info=&#8221;{}&#8221;][et_pb_column type=&#8221;1_2&#8243; _builder_version=&#8221;4.17.4&#8243; _module_preset=&#8221;default&#8221; global_colors_info=&#8221;{}&#8221;][et_pb_slider _builder_version=&#8221;4.27.4&#8243; _module_preset=&#8221;default&#8221; background_enable_color=&#8221;off&#8221; use_background_color_gradient=&#8221;on&#8221; background_color_gradient_stops=&#8221;rgba(7,10,8,0.66) 0%|rgba(7,10,8,0.66) 100%&#8221; background_color_gradient_overlays_image=&#8221;on&#8221; background_image=&#8221;https:\/\/www.camping-airial.com\/wp-content\/uploads\/2022\/07\/de3bc05000745769ab7e4184c3f573aa.jpeg&#8221; min_height=&#8221;390px&#8221; border_radii=&#8221;on|80px|80px|80px|80px&#8221; global_colors_info=&#8221;{}&#8221;][et_pb_slide heading=&#8221;Premium cottage 2 slaapkamers&#8221; button_text=&#8221;Ontdekken&#8221; button_link=&#8221;@ET-DC@eyJkeW5hbWljIjp0cnVlLCJjb250ZW50IjoicG9zdF9saW5rX3VybF9wYWdlIiwic2V0dGluZ3MiOnsicG9zdF9pZCI6IjE3MzIiLCJlbmFibGVfaHRtbCI6Im9mZiJ9fQ==@&#8221; _builder_version=&#8221;4.27.4&#8243; _dynamic_attributes=&#8221;button_link&#8221; _module_preset=&#8221;default&#8221; header_level=&#8221;h2&#8243; header_font=&#8221;|800|||||||&#8221; header_font_size=&#8221;37px&#8221; body_font_size=&#8221;17px&#8221; custom_button=&#8221;on&#8221; button_text_color=&#8221;#FFFFFF&#8221; button_bg_color=&#8221;gcid-secondary-color&#8221; button_border_width=&#8221;0px&#8221; global_colors_info=&#8221;{%22gcid-secondary-color%22:%91%22button_bg_color%22%93}&#8221; sticky_transition=&#8221;on&#8221;]<\/p>\n<p style=\"font-weight: 400\">Nieuw in 2023, ontdek onze comfortabele 4-persoons cottages in de Landes.<\/p>\n<p>[\/et_pb_slide][\/et_pb_slider][\/et_pb_column][et_pb_column type=&#8221;1_2&#8243; _builder_version=&#8221;4.17.4&#8243; _module_preset=&#8221;default&#8221; global_colors_info=&#8221;{}&#8221;][et_pb_slider _builder_version=&#8221;4.27.4&#8243; _module_preset=&#8221;default&#8221; background_enable_color=&#8221;off&#8221; use_background_color_gradient=&#8221;on&#8221; background_color_gradient_stops=&#8221;rgba(7,10,8,0.66) 0%|rgba(7,10,8,0.66) 100%&#8221; background_color_gradient_overlays_image=&#8221;on&#8221; background_image=&#8221;https:\/\/www.camping-airial.com\/wp-content\/uploads\/2023\/07\/Tendance-3&#8211;scaled.jpg&#8221; min_height=&#8221;390px&#8221; border_radii=&#8221;on|80px|80px|80px|80px&#8221; global_colors_info=&#8221;{}&#8221;][et_pb_slide heading=&#8221;Premium cottage 3 slaapkamers&#8221; button_text=&#8221;Ontdekken&#8221; button_link=&#8221;@ET-DC@eyJkeW5hbWljIjp0cnVlLCJjb250ZW50IjoicG9zdF9saW5rX3VybF9wYWdlIiwic2V0dGluZ3MiOnsicG9zdF9pZCI6IjIxNTQiLCJlbmFibGVfaHRtbCI6Im9mZiJ9fQ==@&#8221; _builder_version=&#8221;4.27.4&#8243; _dynamic_attributes=&#8221;button_link&#8221; _module_preset=&#8221;default&#8221; header_level=&#8221;h2&#8243; header_font=&#8221;|800|||||||&#8221; header_font_size=&#8221;37px&#8221; body_font_size=&#8221;17px&#8221; custom_button=&#8221;on&#8221; button_text_color=&#8221;#FFFFFF&#8221; button_bg_color=&#8221;gcid-secondary-color&#8221; button_border_width=&#8221;0px&#8221; global_colors_info=&#8221;{%22gcid-secondary-color%22:%91%22button_bg_color%22%93}&#8221; sticky_transition=&#8221;on&#8221;]<\/p>\n<p style=\"font-weight: 400\">Nieuw in 2023, ontdek onze g\u00eetes voor 6 personen, alle comfort in de Landes.<\/p>\n<p>[\/et_pb_slide][\/et_pb_slider][\/et_pb_column][\/et_pb_row][et_pb_row column_structure=&#8221;1_2,1_2&#8243; _builder_version=&#8221;4.17.4&#8243; _module_preset=&#8221;default&#8221; global_colors_info=&#8221;{}&#8221;][et_pb_column type=&#8221;1_2&#8243; _builder_version=&#8221;4.17.4&#8243; _module_preset=&#8221;default&#8221; global_colors_info=&#8221;{}&#8221;][et_pb_slider _builder_version=&#8221;4.27.4&#8243; _module_preset=&#8221;default&#8221; background_enable_color=&#8221;off&#8221; use_background_color_gradient=&#8221;on&#8221; background_color_gradient_stops=&#8221;rgba(7,10,8,0.66) 0%|rgba(7,10,8,0.66) 100%&#8221; background_color_gradient_overlays_image=&#8221;on&#8221; background_image=&#8221;https:\/\/www.camping-airial.com\/wp-content\/uploads\/2022\/06\/SafariTente1-@OTILAS.jpg&#8221; height=&#8221;390px&#8221; custom_padding=&#8221;77px||86px|||&#8221; border_radii=&#8221;on|80px|80px|80px|80px&#8221; global_colors_info=&#8221;{}&#8221;][et_pb_slide heading=&#8221;Safaritent&#8221; button_text=&#8221;Ontdekken&#8221; button_link=&#8221;@ET-DC@eyJkeW5hbWljIjp0cnVlLCJjb250ZW50IjoicG9zdF9saW5rX3VybF9wYWdlIiwic2V0dGluZ3MiOnsicG9zdF9pZCI6IjE0OSIsImVuYWJsZV9odG1sIjoib2ZmIn19@&#8221; _builder_version=&#8221;4.27.4&#8243; _dynamic_attributes=&#8221;button_link&#8221; _module_preset=&#8221;default&#8221; header_level=&#8221;h2&#8243; header_font=&#8221;|800|||||||&#8221; header_font_size=&#8221;37px&#8221; body_font_size=&#8221;17px&#8221; background_enable_color=&#8221;off&#8221; custom_button=&#8221;on&#8221; button_text_color=&#8221;#FFFFFF&#8221; button_bg_color=&#8221;gcid-secondary-color&#8221; button_border_width=&#8221;0px&#8221; global_colors_info=&#8221;{%22gcid-secondary-color%22:%91%22button_bg_color%22%93}&#8221; sticky_transition=&#8221;on&#8221;]<\/p>\n<p style=\"font-weight: 400\">Onze Safaritenten zijn origineel, comfortabel en slim ingericht. Ideaal voor gezinnen dus! Laat de vakantie maar beginnen!<\/p>\n<p>[\/et_pb_slide][\/et_pb_slider][\/et_pb_column][et_pb_column type=&#8221;1_2&#8243; _builder_version=&#8221;4.17.4&#8243; _module_preset=&#8221;default&#8221; global_colors_info=&#8221;{}&#8221;][et_pb_slider _builder_version=&#8221;4.27.4&#8243; _module_preset=&#8221;default&#8221; background_enable_color=&#8221;off&#8221; use_background_color_gradient=&#8221;on&#8221; background_color_gradient_stops=&#8221;rgba(7,10,8,0.66) 0%|rgba(7,10,8,0.66) 100%&#8221; background_color_gradient_overlays_image=&#8221;on&#8221; background_image=&#8221;https:\/\/www.camping-airial.com\/wp-content\/uploads\/2022\/06\/SafariLodge2-@OTILAS.jpg&#8221; height=&#8221;390px&#8221; border_radii=&#8221;on|80px|80px|80px|80px&#8221; global_colors_info=&#8221;{}&#8221;][et_pb_slide heading=&#8221;Safari lodgetent&#8221; button_text=&#8221;Ontdekken&#8221; button_link=&#8221;@ET-DC@eyJkeW5hbWljIjp0cnVlLCJjb250ZW50IjoicG9zdF9saW5rX3VybF9wYWdlIiwic2V0dGluZ3MiOnsicG9zdF9pZCI6IjE0NyIsImVuYWJsZV9odG1sIjoib2ZmIn19@&#8221; _builder_version=&#8221;4.27.4&#8243; _dynamic_attributes=&#8221;button_link&#8221; _module_preset=&#8221;default&#8221; header_level=&#8221;h2&#8243; header_font=&#8221;|800|||||||&#8221; header_font_size=&#8221;37px&#8221; body_font_size=&#8221;17px&#8221; custom_button=&#8221;on&#8221; button_text_color=&#8221;#FFFFFF&#8221; button_bg_color=&#8221;gcid-secondary-color&#8221; button_border_width=&#8221;0px&#8221; global_colors_info=&#8221;{%22gcid-secondary-color%22:%91%22button_bg_color%22%93}&#8221; sticky_transition=&#8221;on&#8221;]<\/p>\n<p style=\"font-weight: 400\">De Safari lodgetenten staan op een rustige en zonnige plek. Ze bieden je een natuurlijke sfeer, een stijlvolle inrichting en hoogwaardige faciliteiten.<\/p>\n<p>[\/et_pb_slide][\/et_pb_slider][\/et_pb_column][\/et_pb_row][et_pb_row column_structure=&#8221;1_2,1_2&#8243; _builder_version=&#8221;4.17.4&#8243; _module_preset=&#8221;default&#8221; global_colors_info=&#8221;{}&#8221;][et_pb_column type=&#8221;1_2&#8243; _builder_version=&#8221;4.17.4&#8243; _module_preset=&#8221;default&#8221; global_colors_info=&#8221;{}&#8221;][et_pb_slider _builder_version=&#8221;4.27.4&#8243; _module_preset=&#8221;default&#8221; background_enable_color=&#8221;off&#8221; use_background_color_gradient=&#8221;on&#8221; background_color_gradient_stops=&#8221;rgba(7,10,8,0.66) 1%|rgba(7,10,8,0.66) 99%&#8221; background_color_gradient_overlays_image=&#8221;on&#8221; background_image=&#8221;https:\/\/www.camping-airial.com\/wp-content\/uploads\/2022\/06\/ChaletEvasion1-@OTILAS.jpg&#8221; custom_padding=&#8221;79px||102px|||&#8221; border_radii=&#8221;on|80px|80px|80px|80px&#8221; global_colors_info=&#8221;{}&#8221;][et_pb_slide heading=&#8221;Chalet Woody&#8221; button_text=&#8221;Ontdekken&#8221; button_link=&#8221;@ET-DC@eyJkeW5hbWljIjp0cnVlLCJjb250ZW50IjoicG9zdF9saW5rX3VybF9wYWdlIiwic2V0dGluZ3MiOnsicG9zdF9pZCI6IjE1MSIsImVuYWJsZV9odG1sIjoib2ZmIn19@&#8221; _builder_version=&#8221;4.27.4&#8243; _dynamic_attributes=&#8221;button_link&#8221; _module_preset=&#8221;default&#8221; header_level=&#8221;h2&#8243; header_font=&#8221;|800|||||||&#8221; header_font_size=&#8221;37px&#8221; body_font_size=&#8221;17px&#8221; custom_button=&#8221;on&#8221; button_text_color=&#8221;#FFFFFF&#8221; button_bg_color=&#8221;gcid-secondary-color&#8221; button_border_width=&#8221;0px&#8221; global_colors_info=&#8221;{%22gcid-secondary-color%22:%91%22button_bg_color%22%93}&#8221; sticky_transition=&#8221;on&#8221;]<\/p>\n<p style=\"font-weight: 400\">Het belooft een perfecte vakantie te worden in deze houten huisjes, ontworpen met voldoende ruimte voor zeven personen dankzij de grote centrale living.<\/p>\n<p>[\/et_pb_slide][\/et_pb_slider][\/et_pb_column][et_pb_column type=&#8221;1_2&#8243; _builder_version=&#8221;4.17.4&#8243; _module_preset=&#8221;default&#8221; global_colors_info=&#8221;{}&#8221;][et_pb_slider _builder_version=&#8221;4.27.4&#8243; _module_preset=&#8221;default&#8221; background_enable_color=&#8221;off&#8221; use_background_color_gradient=&#8221;on&#8221; background_color_gradient_stops=&#8221;rgba(7,10,8,0.66) 0%|rgba(7,10,8,0.66) 100%&#8221; background_color_gradient_overlays_image=&#8221;on&#8221; background_image=&#8221;https:\/\/www.camping-airial.com\/wp-content\/uploads\/2022\/06\/CosyNewAge1-@OTILAS.jpg&#8221; height=&#8221;390px&#8221; max_height=&#8221;1000px&#8221; custom_padding=&#8221;||100px|||&#8221; border_radii=&#8221;on|80px|80px|80px|80px&#8221; global_colors_info=&#8221;{}&#8221;][et_pb_slide heading=&#8221;Bungalow Confort 2 slaapkamers&#8221; button_text=&#8221;Ontdekken&#8221; button_link=&#8221;@ET-DC@eyJkeW5hbWljIjp0cnVlLCJjb250ZW50IjoicG9zdF9saW5rX3VybF9wYWdlIiwic2V0dGluZ3MiOnsicG9zdF9pZCI6IjIxNDciLCJlbmFibGVfaHRtbCI6Im9mZiJ9fQ==@&#8221; _builder_version=&#8221;4.27.4&#8243; _dynamic_attributes=&#8221;button_link&#8221; _module_preset=&#8221;default&#8221; header_level=&#8221;h2&#8243; header_font=&#8221;|800|||||||&#8221; header_font_size=&#8221;37px&#8221; body_font_size=&#8221;17px&#8221; custom_button=&#8221;on&#8221; button_text_color=&#8221;#FFFFFF&#8221; button_bg_color=&#8221;gcid-secondary-color&#8221; button_border_width=&#8221;0px&#8221; global_colors_info=&#8221;{%22gcid-secondary-color%22:%91%22button_bg_color%22%93}&#8221; sticky_transition=&#8221;on&#8221;]<\/p>\n<p style=\"font-weight: 400\">Een heerlijk plekje voor een vakantie met je gezin of vrienden.<\/p>\n<p>[\/et_pb_slide][\/et_pb_slider][\/et_pb_column][\/et_pb_row][et_pb_row column_structure=&#8221;1_2,1_2&#8243; _builder_version=&#8221;4.27.4&#8243; _module_preset=&#8221;default&#8221; global_colors_info=&#8221;{}&#8221;][et_pb_column type=&#8221;1_2&#8243; _builder_version=&#8221;4.17.4&#8243; _module_preset=&#8221;default&#8221; global_colors_info=&#8221;{}&#8221;][et_pb_slider _builder_version=&#8221;4.27.4&#8243; _module_preset=&#8221;default&#8221; background_enable_color=&#8221;off&#8221; use_background_color_gradient=&#8221;on&#8221; background_color_gradient_stops=&#8221;rgba(7, 10, 8, 0.75) 0%|rgba(7,10,8,0.76) 1%|rgba(7,10,8,0.66) 99%&#8221; background_color_gradient_overlays_image=&#8221;on&#8221; background_image=&#8221;https:\/\/www.camping-airial.com\/wp-content\/uploads\/2022\/07\/DSCN4988.jpg&#8221; height=&#8221;390px&#8221; border_radii=&#8221;on|80px|80px|80px|80px&#8221; global_colors_info=&#8221;{}&#8221;][et_pb_slide heading=&#8221;De Authentieke 2 slaapkamers&#8221; button_text=&#8221;Ontdekken&#8221; button_link=&#8221;@ET-DC@eyJkeW5hbWljIjp0cnVlLCJjb250ZW50IjoicG9zdF9saW5rX3VybF9wYWdlIiwic2V0dGluZ3MiOnsicG9zdF9pZCI6IjE0MyIsImVuYWJsZV9odG1sIjoib2ZmIn19@&#8221; _builder_version=&#8221;4.27.4&#8243; _dynamic_attributes=&#8221;button_link&#8221; _module_preset=&#8221;default&#8221; header_level=&#8221;h2&#8243; header_font=&#8221;|800|||||||&#8221; header_font_size=&#8221;37px&#8221; body_font_size=&#8221;17px&#8221; custom_button=&#8221;on&#8221; button_text_color=&#8221;#FFFFFF&#8221; button_bg_color=&#8221;gcid-secondary-color&#8221; button_border_width=&#8221;0px&#8221; global_colors_info=&#8221;{%22gcid-secondary-color%22:%91%22button_bg_color%22%93}&#8221; sticky_transition=&#8221;on&#8221;]<\/p>\n<p style=\"font-weight: 400\">De &#8220;Confort&#8221; stacaravans met vier bedden zijn modern, ruim en compleet ingericht.<\/p>\n<p>[\/et_pb_slide][\/et_pb_slider][\/et_pb_column][et_pb_column type=&#8221;1_2&#8243; _builder_version=&#8221;4.17.4&#8243; _module_preset=&#8221;default&#8221; global_colors_info=&#8221;{}&#8221;][et_pb_slider _builder_version=&#8221;4.27.4&#8243; _module_preset=&#8221;default&#8221; background_enable_color=&#8221;off&#8221; use_background_color_gradient=&#8221;on&#8221; background_color_gradient_stops=&#8221;rgba(7,10,8,0.66) 0%|rgba(1,10,8,0.88) 100%&#8221; background_color_gradient_overlays_image=&#8221;on&#8221; background_image=&#8221;https:\/\/www.camping-airial.com\/wp-content\/uploads\/2022\/06\/SuperConfort1-@OTILAS.jpg&#8221; height=&#8221;390px&#8221; border_radii=&#8221;on|80px|80px|80px|80px&#8221; global_colors_info=&#8221;{}&#8221;][et_pb_slide heading=&#8221;De authentieke 3 slaapkamers&#8221; button_text=&#8221;Ontdekken&#8221; button_link=&#8221;@ET-DC@eyJkeW5hbWljIjp0cnVlLCJjb250ZW50IjoicG9zdF9saW5rX3VybF9wYWdlIiwic2V0dGluZ3MiOnsicG9zdF9pZCI6IjE0MSIsImVuYWJsZV9odG1sIjoib2ZmIn19@&#8221; _builder_version=&#8221;4.27.4&#8243; _dynamic_attributes=&#8221;button_link&#8221; _module_preset=&#8221;default&#8221; header_level=&#8221;h2&#8243; header_font=&#8221;|800|||||||&#8221; header_font_size=&#8221;37px&#8221; body_font_size=&#8221;17px&#8221; custom_button=&#8221;on&#8221; button_text_color=&#8221;#FFFFFF&#8221; button_bg_color=&#8221;gcid-secondary-color&#8221; button_border_width=&#8221;0px&#8221; global_colors_info=&#8221;{%22gcid-secondary-color%22:%91%22button_bg_color%22%93}&#8221; sticky_transition=&#8221;on&#8221;]<\/p>\n<p style=\"font-weight: 400\">De &#8220;Confort&#8221; stacaravans met zeven bedden zijn modern, ruim en compleet ingericht.<\/p>\n<p>[\/et_pb_slide][\/et_pb_slider][\/et_pb_column][\/et_pb_row][et_pb_row column_structure=&#8221;1_2,1_2&#8243; _builder_version=&#8221;4.27.4&#8243; _module_preset=&#8221;default&#8221; global_colors_info=&#8221;{}&#8221;][et_pb_column type=&#8221;1_2&#8243; _builder_version=&#8221;4.17.4&#8243; _module_preset=&#8221;default&#8221; global_colors_info=&#8221;{}&#8221;][et_pb_slider _builder_version=&#8221;4.27.4&#8243; _module_preset=&#8221;default&#8221; background_enable_color=&#8221;off&#8221; use_background_color_gradient=&#8221;on&#8221; background_color_gradient_stops=&#8221;rgba(7,10,8,0.66) 0%|rgba(7,10,8,0.66) 99%&#8221; background_color_gradient_overlays_image=&#8221;on&#8221; background_image=&#8221;https:\/\/www.camping-airial.com\/wp-content\/uploads\/2022\/06\/ChaletLandaise1-@OTILAS.jpg&#8221; height=&#8221;390px&#8221; border_radii=&#8221;on|80px|80px|80px|80px&#8221; global_colors_info=&#8221;{}&#8221;][et_pb_slide heading=&#8221;La Landaise 2 slaapkamers&#8221; button_text=&#8221;Ontdekken&#8221; button_link=&#8221;@ET-DC@eyJkeW5hbWljIjp0cnVlLCJjb250ZW50IjoicG9zdF9saW5rX3VybF9wYWdlIiwic2V0dGluZ3MiOnsicG9zdF9pZCI6IjQ4MCIsImVuYWJsZV9odG1sIjoib2ZmIn19@&#8221; _builder_version=&#8221;4.27.4&#8243; _dynamic_attributes=&#8221;button_link&#8221; _module_preset=&#8221;default&#8221; header_level=&#8221;h2&#8243; header_font=&#8221;|800|||||||&#8221; header_font_size=&#8221;37px&#8221; body_font_size=&#8221;17px&#8221; custom_button=&#8221;on&#8221; button_text_color=&#8221;#FFFFFF&#8221; button_bg_color=&#8221;gcid-secondary-color&#8221; button_border_width=&#8221;0px&#8221; global_colors_info=&#8221;{%22gcid-secondary-color%22:%91%22button_bg_color%22%93}&#8221; sticky_transition=&#8221;on&#8221;]<\/p>\n<p style=\"font-weight: 400\">&#8220;Les Landaises&#8221;: deze appartementen in de lokale bouwstijl zijn pas opgeknapt en liggen in een heel rustig deel van L\u2019Airial. Ideaal voor vriendengroepen of gezinnen!<\/p>\n<p>[\/et_pb_slide][\/et_pb_slider][\/et_pb_column][et_pb_column type=&#8221;1_2&#8243; _builder_version=&#8221;4.17.4&#8243; _module_preset=&#8221;default&#8221; global_colors_info=&#8221;{}&#8221;][et_pb_slider _builder_version=&#8221;4.27.4&#8243; _module_preset=&#8221;default&#8221; background_enable_color=&#8221;off&#8221; use_background_color_gradient=&#8221;on&#8221; background_color_gradient_stops=&#8221;rgba(7,10,8,0.66) 0%|rgba(7,10,8,0.66) 100%&#8221; background_color_gradient_overlays_image=&#8221;on&#8221; background_image=&#8221;https:\/\/www.camping-airial.com\/wp-content\/uploads\/2024\/08\/PMR-EXT-2-1.jpg&#8221; min_height=&#8221;390px&#8221; border_radii=&#8221;on|80px|80px|80px|80px&#8221; global_colors_info=&#8221;{}&#8221;][et_pb_slide heading=&#8221;Stacaravan PMR 2 slaapkamers&#8221; button_text=&#8221;Ontdekken&#8221; button_link=&#8221;@ET-DC@eyJkeW5hbWljIjp0cnVlLCJjb250ZW50IjoicG9zdF9saW5rX3VybF9wYWdlIiwic2V0dGluZ3MiOnsicG9zdF9pZCI6IjQ4NyIsImVuYWJsZV9odG1sIjoib2ZmIn19@&#8221; _builder_version=&#8221;4.27.4&#8243; _dynamic_attributes=&#8221;button_link&#8221; _module_preset=&#8221;default&#8221; header_level=&#8221;h2&#8243; header_font=&#8221;|800|||||||&#8221; header_font_size=&#8221;37px&#8221; body_font_size=&#8221;17px&#8221; custom_button=&#8221;on&#8221; button_text_color=&#8221;#FFFFFF&#8221; button_bg_color=&#8221;gcid-secondary-color&#8221; button_border_width=&#8221;0px&#8221; global_colors_info=&#8221;{%22gcid-secondary-color%22:%91%22button_bg_color%22%93}&#8221; sticky_transition=&#8221;on&#8221;]<\/p>\n<p style=\"font-weight: 400\">Deze accommodaties zijn uitstekend voor drie personen met een beperking, dankzij de brede ruimtes en de toegangsrail.<\/p>\n<p>[\/et_pb_slide][\/et_pb_slider][\/et_pb_column][\/et_pb_row][\/et_pb_section][et_pb_section fb_built=&#8221;1&#8243; _builder_version=&#8221;4.18.0&#8243; _module_preset=&#8221;default&#8221; background_color=&#8221;#D5D3C7&#8243; global_colors_info=&#8221;{}&#8221;][et_pb_row column_structure=&#8221;1_2,1_2&#8243; _builder_version=&#8221;4.17.4&#8243; _module_preset=&#8221;default&#8221; global_colors_info=&#8221;{}&#8221;][et_pb_column type=&#8221;1_2&#8243; _builder_version=&#8221;4.17.4&#8243; _module_preset=&#8221;default&#8221; global_colors_info=&#8221;{}&#8221;][et_pb_slider _builder_version=&#8221;4.27.4&#8243; _module_preset=&#8221;default&#8221; header_font_size=&#8221;38px&#8221; background_enable_color=&#8221;off&#8221; background_image=&#8221;https:\/\/www.camping-airial.com\/wp-content\/uploads\/2022\/07\/020A4822.jpg&#8221; custom_padding=&#8221;||114px|||&#8221; animation_style=&#8221;slide&#8221; border_radii=&#8221;on|80px|80px|80px|80px&#8221; global_colors_info=&#8221;{}&#8221;][et_pb_slide heading=&#8221;Staanplaatsen&#8221; button_text=&#8221;Lees meer&#8221; button_link=&#8221;@ET-DC@eyJkeW5hbWljIjp0cnVlLCJjb250ZW50IjoicG9zdF9saW5rX3VybF9wYWdlIiwic2V0dGluZ3MiOnsicG9zdF9pZCI6IjY4IiwiZW5hYmxlX2h0bWwiOiJvZmYifX0=@&#8221; _builder_version=&#8221;4.27.4&#8243; _dynamic_attributes=&#8221;button_link&#8221; _module_preset=&#8221;default&#8221; header_level=&#8221;h2&#8243; header_font=&#8221;|800|||||||&#8221; header_font_size=&#8221;29px&#8221; body_font_size=&#8221;17px&#8221; custom_button=&#8221;on&#8221; button_text_color=&#8221;#FFFFFF&#8221; button_bg_color=&#8221;gcid-secondary-color&#8221; button_border_width=&#8221;0px&#8221; button_border_radius=&#8221;8px&#8221; button_font=&#8221;&#8211;et_global_body_font||||||||&#8221; button_use_icon=&#8221;on&#8221; button_icon=&#8221;&#x4c;||divi||400&#8243; global_colors_info=&#8221;{%22gcid-secondary-color%22:%91%22button_bg_color%22%93}&#8221; sticky_transition=&#8221;on&#8221;]<\/p>\n<p style=\"font-weight: 400\">Onze staanplaatsen m\u00e9t of zonder stroom zijn ruim en schaduwrijk. L\u2019Airial heeft ook een serviceplaats voor campers.<\/p>\n<p>[\/et_pb_slide][\/et_pb_slider][\/et_pb_column][et_pb_column type=&#8221;1_2&#8243; _builder_version=&#8221;4.17.4&#8243; _module_preset=&#8221;default&#8221; global_colors_info=&#8221;{}&#8221;][et_pb_slider _builder_version=&#8221;4.27.4&#8243; _module_preset=&#8221;default&#8221; header_font_size=&#8221;38px&#8221; background_enable_color=&#8221;off&#8221; background_image=&#8221;https:\/\/www.camping-airial.com\/wp-content\/uploads\/2023\/07\/Aire-de-CC-scaled.jpg&#8221; custom_padding=&#8221;79px||134px|||&#8221; animation_style=&#8221;slide&#8221; border_radii=&#8221;on|80px|80px|80px|80px&#8221; box_shadow_style_image=&#8221;preset1&#8243; global_colors_info=&#8221;{}&#8221;][et_pb_slide heading=&#8221;Serviceplaats campers&#8221; button_text=&#8221;Lees meer&#8221; button_link=&#8221;@ET-DC@eyJkeW5hbWljIjp0cnVlLCJjb250ZW50IjoicG9zdF9saW5rX3VybF9wYWdlIiwic2V0dGluZ3MiOnsicG9zdF9pZCI6IjE4NTMiLCJlbmFibGVfaHRtbCI6Im9mZiJ9fQ==@&#8221; _builder_version=&#8221;4.27.4&#8243; _dynamic_attributes=&#8221;button_link&#8221; _module_preset=&#8221;default&#8221; header_level=&#8221;h2&#8243; header_font=&#8221;|800|||||||&#8221; header_font_size=&#8221;32px&#8221; body_font_size=&#8221;17px&#8221; custom_button=&#8221;on&#8221; button_text_color=&#8221;#FFFFFF&#8221; button_bg_color=&#8221;gcid-secondary-color&#8221; button_border_width=&#8221;0px&#8221; button_border_radius=&#8221;8px&#8221; button_icon=&#8221;&#x4c;||divi||400&#8243; global_colors_info=&#8221;{%22gcid-secondary-color%22:%91%22button_bg_color%22%93}&#8221; sticky_transition=&#8221;on&#8221;]<\/p>\n<p style=\"font-weight: 400\">Het heeft 80 aantrekkelijke staanplaatsen, met elektriciteit, WIFI en een eigen serviceruimte.<\/p>\n<p>[\/et_pb_slide][\/et_pb_slider][\/et_pb_column][\/et_pb_row][\/et_pb_section][et_pb_section fb_built=&#8221;1&#8243; _builder_version=&#8221;4.18.0&#8243; _module_preset=&#8221;default&#8221; background_color=&#8221;#FFFFFF&#8221; animation_style=&#8221;fade&#8221; global_colors_info=&#8221;{}&#8221;][et_pb_row column_structure=&#8221;3_4,1_4&#8243; _builder_version=&#8221;4.17.4&#8243; _module_preset=&#8221;default&#8221; global_colors_info=&#8221;{}&#8221;][et_pb_column type=&#8221;3_4&#8243; _builder_version=&#8221;4.17.4&#8243; _module_preset=&#8221;default&#8221; global_colors_info=&#8221;{}&#8221;][et_pb_text _builder_version=&#8221;4.17.4&#8243; _module_preset=&#8221;default&#8221; text_font=&#8221;|300|||||||&#8221; text_font_size=&#8221;18px&#8221; text_letter_spacing=&#8221;1px&#8221; text_line_height=&#8221;1.8em&#8221; global_colors_info=&#8221;{}&#8221;]<\/p>\n<h2 style=\"font-weight: 400\"><strong>R\u00e9sidentiel<\/strong><\/h2>\n<p style=\"font-weight: 400\">Envie de <strong>d\u00e9tente longue dur\u00e9e<\/strong> ? D\u00e9couvrez aussi notre offre d\u00e9di\u00e9e et profitez de l\u2019\u00e9t\u00e9 indien !<br \/>Mobil-home long s\u00e9jour ou forfait caravane, \u00e0 vous de choisir !<\/p>\n<p style=\"font-weight: 400\"><span style=\"color: #ffffff\"><em>Notre \u00e9quipe est l\u00e0 pour vous conseiller et vous aider \u00e0 organiser vos prochaines vacances dans notre camping familial de Soustons, n\u2019h\u00e9sitez pas \u00e0 la <span style=\"color: #ffffff\"><a href=\"https:\/\/www.camping-airial.com\/\/contact-acces\/\" style=\"color: #ffffff\"><span style=\"text-decoration: underline\"><strong>contacter<\/strong><\/span><\/a><\/span>\u00a0!<\/em><\/span><\/p>\n<p>[\/et_pb_text][\/et_pb_column][et_pb_column type=&#8221;1_4&#8243; _builder_version=&#8221;4.17.4&#8243; _module_preset=&#8221;default&#8221; global_colors_info=&#8221;{}&#8221;][et_pb_button button_url=&#8221;@ET-DC@eyJkeW5hbWljIjp0cnVlLCJjb250ZW50IjoicG9zdF9saW5rX3VybF9wYWdlIiwic2V0dGluZ3MiOnsicG9zdF9pZCI6IjQwODQiLCJlbmFibGVfaHRtbCI6Im9mZiJ9fQ==@&#8221; button_text=&#8221;Lees meer&#8221; button_alignment=&#8221;center&#8221; _builder_version=&#8221;4.27.4&#8243; _dynamic_attributes=&#8221;button_url&#8221; _module_preset=&#8221;default&#8221; custom_button=&#8221;on&#8221; button_text_color=&#8221;#FFFFFF&#8221; button_bg_color=&#8221;gcid-secondary-color&#8221; button_border_width=&#8221;0px&#8221; button_border_radius=&#8221;8px&#8221; button_icon=&#8221;&#x4c;||divi||400&#8243; custom_margin=&#8221;36px|||||&#8221; global_colors_info=&#8221;{%22gcid-secondary-color%22:%91%22button_bg_color%22%93}&#8221;][\/et_pb_button][\/et_pb_column][\/et_pb_row][\/et_pb_section][et_pb_section fb_built=&#8221;1&#8243; _builder_version=&#8221;4.17.6&#8243; _module_preset=&#8221;default&#8221; background_color=&#8221;#D5D3C7&#8243; custom_margin=&#8221;-16px|||||&#8221; custom_padding=&#8221;40px||40px|||&#8221; global_colors_info=&#8221;{}&#8221;][et_pb_row _builder_version=&#8221;4.17.4&#8243; _module_preset=&#8221;default&#8221; width=&#8221;90%&#8221; max_width=&#8221;1738px&#8221; global_colors_info=&#8221;{}&#8221;][et_pb_column type=&#8221;4_4&#8243; _builder_version=&#8221;4.17.4&#8243; _module_preset=&#8221;default&#8221; global_colors_info=&#8221;{}&#8221;][et_pb_text _builder_version=&#8221;4.17.6&#8243; _module_preset=&#8221;default&#8221; global_colors_info=&#8221;{}&#8221;][\/et_pb_text][\/et_pb_column][\/et_pb_row][\/et_pb_section][et_pb_section fb_built=&#8221;1&#8243; _builder_version=&#8221;4.17.6&#8243; _module_preset=&#8221;default&#8221; custom_padding=&#8221;0px||0px||false|false&#8221; global_colors_info=&#8221;{}&#8221;][et_pb_row column_structure=&#8221;1_2,1_2&#8243; use_custom_gutter=&#8221;on&#8221; gutter_width=&#8221;1&#8243; make_equal=&#8221;on&#8221; _builder_version=&#8221;4.17.6&#8243; _module_preset=&#8221;default&#8221; width=&#8221;100%&#8221; max_width=&#8221;2539px&#8221; custom_margin=&#8221;0px|auto||auto||&#8221; custom_padding=&#8221;0px||0px||false|false&#8221; global_colors_info=&#8221;{}&#8221;][et_pb_column type=&#8221;1_2&#8243; _builder_version=&#8221;4.17.6&#8243; _module_preset=&#8221;default&#8221; use_background_color_gradient=&#8221;on&#8221; background_color_gradient_stops=&#8221;rgba(43,43,43,0.36) 0%|rgba(43,43,43,0.52) 99%&#8221; background_color_gradient_overlays_image=&#8221;on&#8221; background_image=&#8221;https:\/\/www.camping-airial.com\/\/wp-content\/uploads\/2022\/06\/elizeu-dias-xarhNpLSHTk-unsplash.jpg&#8221; global_colors_info=&#8221;{}&#8221;][et_pb_text _builder_version=&#8221;4.17.6&#8243; _module_preset=&#8221;default&#8221; text_font=&#8221;||||||||&#8221; text_text_color=&#8221;#FFFFFF&#8221; header_2_font=&#8221;|600|||||||&#8221; header_2_text_color=&#8221;#FFFFFF&#8221; width=&#8221;50%&#8221; max_width=&#8221;50%&#8221; module_alignment=&#8221;center&#8221; custom_margin=&#8221;77px|||||&#8221; global_colors_info=&#8221;{}&#8221;]<\/p>\n<h2 class=\"afterline\" style=\"text-align: center\"><span class=\"titre\"><br \/>Ontdek de Landes kust<\/span><\/h2>\n<p style=\"text-align: center\">Les Landes is een unieke streek. Een heerlijk paradijsje voor mensen die op zoek zijn naar natuur en tradities.<\/p>\n<p>[\/et_pb_text][et_pb_button button_url=&#8221;@ET-DC@eyJkeW5hbWljIjp0cnVlLCJjb250ZW50IjoicG9zdF9saW5rX3VybF9wYWdlIiwic2V0dGluZ3MiOnsicG9zdF9pZCI6Ijc2IiwiZW5hYmxlX2h0bWwiOiJvZmYifX0=@&#8221; button_text=&#8221;Ontdek Les Landes&#8221; button_alignment=&#8221;center&#8221; _builder_version=&#8221;4.17.6&#8243; _dynamic_attributes=&#8221;button_url&#8221; _module_preset=&#8221;default&#8221; custom_button=&#8221;on&#8221; button_text_size=&#8221;18px&#8221; button_text_color=&#8221;#FFFFFF&#8221; custom_margin=&#8221;17px||11px|||&#8221; global_colors_info=&#8221;{}&#8221;][\/et_pb_button][et_pb_button button_url=&#8221;@ET-DC@eyJkeW5hbWljIjp0cnVlLCJjb250ZW50IjoicG9zdF9saW5rX3VybF9wYWdlIiwic2V0dGluZ3MiOnsicG9zdF9pZCI6Ijc0IiwiZW5hYmxlX2h0bWwiOiJvZmYifX0=@&#8221; button_text=&#8221;Ontdek Soustons&#8221; button_alignment=&#8221;center&#8221; _builder_version=&#8221;4.17.6&#8243; _dynamic_attributes=&#8221;button_url&#8221; _module_preset=&#8221;default&#8221; custom_button=&#8221;on&#8221; button_text_size=&#8221;18px&#8221; button_text_color=&#8221;#FFFFFF&#8221; custom_margin=&#8221;||136px|||&#8221; custom_padding=&#8221;||0px|||&#8221; global_colors_info=&#8221;{}&#8221;][\/et_pb_button][\/et_pb_column][et_pb_column type=&#8221;1_2&#8243; _builder_version=&#8221;4.17.6&#8243; _module_preset=&#8221;default&#8221; background_color=&#8221;#2B2B2B&#8221; global_colors_info=&#8221;{}&#8221;][et_pb_text _builder_version=&#8221;4.17.6&#8243; _module_preset=&#8221;default&#8221; text_font=&#8221;||||||||&#8221; text_text_color=&#8221;#FFFFFF&#8221; header_2_font=&#8221;|600|||||||&#8221; header_2_text_color=&#8221;#FFFFFF&#8221; width=&#8221;92%&#8221; max_width=&#8221;90%&#8221; module_alignment=&#8221;center&#8221; custom_margin=&#8221;77px|||||&#8221; global_colors_info=&#8221;{}&#8221;]<\/p>\n<h2 class=\"afterline\" style=\"text-align: center\"><span class=\"titre\"><span>Ontdek ons nieuws<\/span><br \/><span>en onze evenementen!<\/span><\/span><\/h2>\n<p style=\"text-align: center\"><span>Bekijk al ons nieuws en onze evenementen om niets te hoeven missen!<\/span><\/p>\n<p>[\/et_pb_text][et_pb_blog fullwidth=&#8221;off&#8221; posts_number=&#8221;3&#8243; include_categories=&#8221;all&#8221; show_thumbnail=&#8221;off&#8221; use_manual_excerpt=&#8221;off&#8221; excerpt_length=&#8221;50&#8243; show_more=&#8221;on&#8221; show_author=&#8221;off&#8221; show_date=&#8221;off&#8221; show_categories=&#8221;off&#8221; show_pagination=&#8221;off&#8221; use_overlay=&#8221;on&#8221; hover_overlay_color=&#8221;#2B2B2B&#8221; masonry_tile_background_color=&#8221;#2B2B2B&#8221; _builder_version=&#8221;4.17.6&#8243; _module_preset=&#8221;default&#8221; header_font=&#8221;|700|||||||&#8221; header_text_color=&#8221;#FFFFFF&#8221; body_font=&#8221;|300|||||||&#8221; body_text_color=&#8221;#D5D3C7&#8243; body_font_size=&#8221;18px&#8221; body_letter_spacing=&#8221;1px&#8221; meta_text_color=&#8221;#FFFFFF&#8221; read_more_font=&#8221;|700|||||||&#8221; read_more_text_color=&#8221;#C9D408&#8243; width=&#8221;69%&#8221; module_alignment=&#8221;center&#8221; custom_margin=&#8221;11px|||||&#8221; border_width_all=&#8221;0px&#8221; border_width_top=&#8221;1px&#8221; global_colors_info=&#8221;{}&#8221;][\/et_pb_blog][\/et_pb_column][\/et_pb_row][\/et_pb_section][et_pb_section fb_built=&#8221;1&#8243; inner_shadow=&#8221;on&#8221; _builder_version=&#8221;4.17.4&#8243; _module_preset=&#8221;default&#8221; animation_style=&#8221;slide&#8221; global_colors_info=&#8221;{}&#8221;][et_pb_row _builder_version=&#8221;4.17.4&#8243; _module_preset=&#8221;default&#8221; global_colors_info=&#8221;{}&#8221;][et_pb_column type=&#8221;4_4&#8243; _builder_version=&#8221;4.17.4&#8243; _module_preset=&#8221;default&#8221; global_colors_info=&#8221;{}&#8221;][et_pb_text _builder_version=&#8221;4.17.4&#8243; _module_preset=&#8221;default&#8221; global_colors_info=&#8221;{}&#8221;]<\/p>\n<h2>Bekijk ook<\/h2>\n<p>[\/et_pb_text][\/et_pb_column][\/et_pb_row][et_pb_row column_structure=&#8221;1_3,1_3,1_3&#8243; _builder_version=&#8221;4.17.4&#8243; _module_preset=&#8221;default&#8221; global_colors_info=&#8221;{}&#8221;][et_pb_column type=&#8221;1_3&#8243; _builder_version=&#8221;4.17.4&#8243; _module_preset=&#8221;default&#8221; global_colors_info=&#8221;{}&#8221;][et_pb_slider _builder_version=&#8221;4.17.6&#8243; _dynamic_attributes=&#8221;link_option_url&#8221; _module_preset=&#8221;default&#8221; background_color=&#8221;#C0B1AA&#8221; background_image=&#8221;https:\/\/www.camping-airial.com\/wp-content\/uploads\/2022\/07\/020A4885.jpg&#8221; link_option_url=&#8221;@ET-DC@eyJkeW5hbWljIjp0cnVlLCJjb250ZW50IjoicG9zdF9saW5rX3VybF9wYWdlIiwic2V0dGluZ3MiOnsicG9zdF9pZCI6IjQ3IiwiZW5hYmxlX2h0bWwiOiJvZmYifX0=@&#8221; border_radii=&#8221;on|60px|60px|60px|60px&#8221; global_colors_info=&#8221;{}&#8221;][et_pb_slide heading=&#8221;Kinderclub&#8221; _builder_version=&#8221;4.17.4&#8243; _module_preset=&#8221;default&#8221; global_colors_info=&#8221;{}&#8221; sticky_transition=&#8221;on&#8221;][\/et_pb_slide][\/et_pb_slider][\/et_pb_column][et_pb_column type=&#8221;1_3&#8243; _builder_version=&#8221;4.17.4&#8243; _module_preset=&#8221;default&#8221; global_colors_info=&#8221;{}&#8221;][et_pb_slider _builder_version=&#8221;4.17.6&#8243; _dynamic_attributes=&#8221;link_option_url&#8221; _module_preset=&#8221;default&#8221; background_color=&#8221;#C0B1AA&#8221; background_image=&#8221;https:\/\/www.camping-airial.com\/wp-content\/uploads\/2022\/06\/andreas-brun-3zP003vow9U-unsplash.jpg&#8221; link_option_url=&#8221;@ET-DC@eyJkeW5hbWljIjp0cnVlLCJjb250ZW50IjoicG9zdF9saW5rX3VybF9wYWdlIiwic2V0dGluZ3MiOnsicG9zdF9pZCI6IjUyIiwiZW5hYmxlX2h0bWwiOiJvZmYifX0=@&#8221; border_radii=&#8221;on|60px|60px|60px|60px&#8221; global_colors_info=&#8221;{}&#8221;][et_pb_slide heading=&#8221;Animaties&#8221; _builder_version=&#8221;4.17.4&#8243; _module_preset=&#8221;default&#8221; global_colors_info=&#8221;{}&#8221; sticky_transition=&#8221;on&#8221;][\/et_pb_slide][\/et_pb_slider][\/et_pb_column][et_pb_column type=&#8221;1_3&#8243; _builder_version=&#8221;4.17.4&#8243; _module_preset=&#8221;default&#8221; global_colors_info=&#8221;{}&#8221;][et_pb_slider _builder_version=&#8221;4.17.6&#8243; _module_preset=&#8221;default&#8221; background_color=&#8221;#C0B1AA&#8221; background_image=&#8221;https:\/\/www.camping-airial.com\/wp-content\/uploads\/2022\/07\/020A4487.jpg&#8221; border_radii=&#8221;on|60px|60px|60px|60px&#8221; global_colors_info=&#8221;{}&#8221;][et_pb_slide heading=&#8221;Waterpark&#8221; button_link=&#8221;@ET-DC@eyJkeW5hbWljIjp0cnVlLCJjb250ZW50IjoicG9zdF9saW5rX3VybF9wYWdlIiwic2V0dGluZ3MiOnsicG9zdF9pZCI6IjcwIiwiZW5hYmxlX2h0bWwiOiJvZmYifX0=@&#8221; _builder_version=&#8221;4.17.4&#8243; _dynamic_attributes=&#8221;button_link&#8221; _module_preset=&#8221;default&#8221; global_colors_info=&#8221;{}&#8221; sticky_transition=&#8221;on&#8221;][\/et_pb_slide][\/et_pb_slider][\/et_pb_column][\/et_pb_row][\/et_pb_section]<\/p>\n","protected":false},"excerpt":{"rendered":"<p>Accommodaties Onze vier sterren camping aan de kust van Les Landes biedt diverse type accommodaties, wat je wensen en budget ook zijn.H\u00e9bergements en Camping \u00e0 Soustons : Vivez des Vacances Inoubliables dans les Landes Bienvenue dans notre camping \u00e0 Soustons, au c\u0153ur des magnifiques Landes, o\u00f9 nous vous proposons une large gamme d\u2019h\u00e9bergements adapt\u00e9s \u00e0 [&hellip;]<\/p>\n","protected":false},"author":1,"featured_media":0,"parent":0,"menu_order":0,"comment_status":"closed","ping_status":"closed","template":"","meta":{"_et_pb_use_builder":"on","_et_pb_old_content":"","_et_gb_content_width":"","footnotes":""},"class_list":["post-5359","page","type-page","status-publish","hentry"],"_links":{"self":[{"href":"https:\/\/www.camping-airial.com\/nl\/wp-json\/wp\/v2\/pages\/5359","targetHints":{"allow":["GET"]}}],"collection":[{"href":"https:\/\/www.camping-airial.com\/nl\/wp-json\/wp\/v2\/pages"}],"about":[{"href":"https:\/\/www.camping-airial.com\/nl\/wp-json\/wp\/v2\/types\/page"}],"author":[{"embeddable":true,"href":"https:\/\/www.camping-airial.com\/nl\/wp-json\/wp\/v2\/users\/1"}],"replies":[{"embeddable":true,"href":"https:\/\/www.camping-airial.com\/nl\/wp-json\/wp\/v2\/comments?post=5359"}],"version-history":[{"count":0,"href":"https:\/\/www.camping-airial.com\/nl\/wp-json\/wp\/v2\/pages\/5359\/revisions"}],"wp:attachment":[{"href":"https:\/\/www.camping-airial.com\/nl\/wp-json\/wp\/v2\/media?parent=5359"}],"curies":[{"name":"wp","href":"https:\/\/api.w.org\/{rel}","templated":true}]}}